{"id":412,"date":"2020-01-01T10:00:43","date_gmt":"2020-01-01T10:00:43","guid":{"rendered":"https:\/\/www.eberswalderturnerschaft.de\/home\/?page_id=412"},"modified":"2023-02-08T11:33:47","modified_gmt":"2023-02-08T11:33:47","slug":"die-eberswalder-trainer","status":"publish","type":"page","link":"https:\/\/www.eberswalderturnerschaft.de\/home\/info\/die-eberswalder-trainer\/","title":{"rendered":"Die Eberswalder Trainer"},"content":{"rendered":"\n<hr class=\"wp-block-separator has-css-opacity\"\/>\n\n\n\n<div style=\"height:30px\" aria-hidden=\"true\" class=\"wp-block-spacer\"><\/div>\n\n\n\n<p>In seinem Leitbild formuliert der Deutsche Turner-Bund \u201eTurnen, Gymnastik und Sport im Verein haben in der heutigen Zeit eine gro\u00dfe gesellschaftliche und soziale Bedeutung. Mit ihren Angeboten leisten sie einen herausragenden Beitrag zur Gesundheitspr\u00e4vention. Sie schaffen dar\u00fcber hinaus Gemeinschaft, f\u00f6rdern Pers\u00f6nlichkeitsentwicklung, Partnerschaft und Gleichstellung sowie demokratische Kultur.\u201c<\/p>\n\n\n\n<blockquote class=\"wp-block-quote has-text-align-center is-layout-flow wp-block-quote-is-layout-flow\">\n<p>Bewegung ist die Grundlage jeder Reifung im K\u00f6rper.<\/p>\n\n\n\n<p><\/p>\n<cite>&#8211; Trainerin Nicole W\u00f6he<\/cite><\/blockquote>\n\n\n\n<p>Unsere Trainer und \u00dcbungsleiter sind das Fundament unserer Eberswalder Turnerschaft. Sie bringen nicht nur jahrelange Erfahrung im Turnen mit, sondern auch eine unglaubliche Leidenschaft f\u00fcr den Sport und die Entwicklung unserer Mitglieder.<\/p>\n\n\n\n<p>Unsere Trainer und \u00dcbungsleiter sorgen daf\u00fcr, dass das Training in unserer Turnabteilung regelm\u00e4\u00dfig und abwechslungsreich stattfindet. Sie tragen eine hohe Verantwortung bei der Planung und Durchf\u00fchrung von Wettk\u00e4mpfen und garantieren durch ihre fachliche Kompetenz eine sichere und angenehme Trainingsumgebung. Viele von ihnen sind selbst noch aktive Turner und bringen ihren Sch\u00fctzlingen somit nicht nur sportliches Wissen, sondern auch eine gewisse Leidenschaft f\u00fcr den Sport mit. Durch ihren p\u00e4dagogischen Ansatz und ihren Erfahrungsschatz k\u00f6nnen unsere Trainer jedes Mitglied individuell f\u00f6rdern und unterst\u00fctzen.<\/p>\n\n\n\n<div style=\"height:25px\" aria-hidden=\"true\" class=\"wp-block-spacer\"><\/div>\n\n\n\n<div aria-label=\"Carousel Gallery\" class=\"wp-block-coblocks-gallery-carousel\"><div class=\"coblocks-gallery-carousel-swiper-container is-cropped coblocks-gallery has-no-alignment has-border-radius-10 has-caption-style-dark has-horizontal-gutter has-no-thumbnails\"><div class=\"has-carousel has-carousel-xlrg swiper-container has-responsive-height\" data-swiper=\"{&quot;alignCells&quot;:false,&quot;autoPlay&quot;:true,&quot;autoPlaySpeed&quot;:3000,&quot;draggable&quot;:true,&quot;freeMode&quot;:false,&quot;loop&quot;:true,&quot;navigation&quot;:false,&quot;pageDots&quot;:false,&quot;pauseHover&quot;:false,&quot;responsiveHeight&quot;:true,&quot;slidesPerView&quot;:1,&quot;thumbnails&quot;:false,&quot;uuid&quot;:&quot;12345&quot;}\" style=\"height:400px\"><div class=\"swiper-wrapper\"><div class=\"swiper-slide\"><div class=\"coblocks-gallery--item\" role=\"button\" tabindex=\"0\"><figure class=\"coblocks-gallery--figure has-margin-left-15 has-margin-left-mobile-5 has-margin-right-15 has-margin-right-mobile-5\"><img loading=\"lazy\" decoding=\"async\" width=\"896\" height=\"1024\" alt=\"\" class=\"wp-image-886\" data-id=\"886\" data-link=\"https:\/\/www.eberswalderturnerschaft.de\/home\/info\/die-eberswalder-trainer\/anne-2\/#main\" src=\"https:\/\/www.eberswalderturnerschaft.de\/home\/wp-content\/uploads\/2022\/10\/Anne.jpg\" srcset=\"https:\/\/www.eberswalderturnerschaft.de\/home\/wp-content\/uploads\/2022\/10\/Anne.jpg 896w, https:\/\/www.eberswalderturnerschaft.de\/home\/wp-content\/uploads\/2022\/10\/Anne-263x300.jpg 263w, https:\/\/www.eberswalderturnerschaft.de\/home\/wp-content\/uploads\/2022\/10\/Anne-768x878.jpg 768w\" sizes=\"auto, (max-width: 896px) 100vw, 896px\" \/><\/figure><figcaption class=\"coblocks-gallery--caption coblocks-gallery--primary-caption\">Annekatrin<\/figcaption><\/div><\/div><div class=\"swiper-slide\"><div class=\"coblocks-gallery--item\" role=\"button\" tabindex=\"1\"><figure class=\"coblocks-gallery--figure has-margin-left-15 has-margin-left-mobile-5 has-margin-right-15 has-margin-right-mobile-5\"><img loading=\"lazy\" decoding=\"async\" width=\"896\" height=\"1024\" alt=\"\" class=\"wp-image-871\" data-id=\"871\" data-link=\"https:\/\/www.eberswalderturnerschaft.de\/home\/info\/die-eberswalder-trainer\/andrea\/#main\" src=\"https:\/\/www.eberswalderturnerschaft.de\/home\/wp-content\/uploads\/2022\/10\/Andrea.jpg\" srcset=\"https:\/\/www.eberswalderturnerschaft.de\/home\/wp-content\/uploads\/2022\/10\/Andrea.jpg 896w, https:\/\/www.eberswalderturnerschaft.de\/home\/wp-content\/uploads\/2022\/10\/Andrea-263x300.jpg 263w, https:\/\/www.eberswalderturnerschaft.de\/home\/wp-content\/uploads\/2022\/10\/Andrea-768x878.jpg 768w\" sizes=\"auto, (max-width: 896px) 100vw, 896px\" \/><\/figure><figcaption class=\"coblocks-gallery--caption coblocks-gallery--primary-caption\">Andrea<\/figcaption><\/div><\/div><div class=\"swiper-slide\"><div class=\"coblocks-gallery--item\" role=\"button\" tabindex=\"2\"><figure class=\"coblocks-gallery--figure has-margin-left-15 has-margin-left-mobile-5 has-margin-right-15 has-margin-right-mobile-5\"><img loading=\"lazy\" decoding=\"async\" width=\"896\" height=\"1024\" alt=\"\" class=\"wp-image-872\" data-id=\"872\" data-link=\"https:\/\/www.eberswalderturnerschaft.de\/home\/info\/die-eberswalder-trainer\/yvonne-2\/#main\" src=\"https:\/\/www.eberswalderturnerschaft.de\/home\/wp-content\/uploads\/2022\/10\/Yvonne.jpg\" srcset=\"https:\/\/www.eberswalderturnerschaft.de\/home\/wp-content\/uploads\/2022\/10\/Yvonne.jpg 896w, https:\/\/www.eberswalderturnerschaft.de\/home\/wp-content\/uploads\/2022\/10\/Yvonne-263x300.jpg 263w, https:\/\/www.eberswalderturnerschaft.de\/home\/wp-content\/uploads\/2022\/10\/Yvonne-768x878.jpg 768w\" sizes=\"auto, (max-width: 896px) 100vw, 896px\" \/><\/figure><figcaption class=\"coblocks-gallery--caption coblocks-gallery--primary-caption\">Yvonne<\/figcaption><\/div><\/div><div class=\"swiper-slide\"><div class=\"coblocks-gallery--item\" role=\"button\" tabindex=\"3\"><figure class=\"coblocks-gallery--figure has-margin-left-15 has-margin-left-mobile-5 has-margin-right-15 has-margin-right-mobile-5\"><img loading=\"lazy\" decoding=\"async\" width=\"896\" height=\"1024\" alt=\"\" class=\"wp-image-873\" data-id=\"873\" data-link=\"https:\/\/www.eberswalderturnerschaft.de\/home\/info\/die-eberswalder-trainer\/ulf\/#main\" src=\"https:\/\/www.eberswalderturnerschaft.de\/home\/wp-content\/uploads\/2022\/10\/Ulf.jpg\" srcset=\"https:\/\/www.eberswalderturnerschaft.de\/home\/wp-content\/uploads\/2022\/10\/Ulf.jpg 896w, https:\/\/www.eberswalderturnerschaft.de\/home\/wp-content\/uploads\/2022\/10\/Ulf-263x300.jpg 263w, https:\/\/www.eberswalderturnerschaft.de\/home\/wp-content\/uploads\/2022\/10\/Ulf-768x878.jpg 768w\" sizes=\"auto, (max-width: 896px) 100vw, 896px\" \/><\/figure><figcaption class=\"coblocks-gallery--caption coblocks-gallery--primary-caption\">Ulf<\/figcaption><\/div><\/div><div class=\"swiper-slide\"><div class=\"coblocks-gallery--item\" role=\"button\" tabindex=\"4\"><figure class=\"coblocks-gallery--figure has-margin-left-15 has-margin-left-mobile-5 has-margin-right-15 has-margin-right-mobile-5\"><img loading=\"lazy\" decoding=\"async\" width=\"896\" height=\"1024\" alt=\"\" class=\"wp-image-874\" data-id=\"874\" data-link=\"https:\/\/www.eberswalderturnerschaft.de\/home\/info\/die-eberswalder-trainer\/regina-2\/#main\" src=\"https:\/\/www.eberswalderturnerschaft.de\/home\/wp-content\/uploads\/2022\/10\/Regina.jpg\" srcset=\"https:\/\/www.eberswalderturnerschaft.de\/home\/wp-content\/uploads\/2022\/10\/Regina.jpg 896w, https:\/\/www.eberswalderturnerschaft.de\/home\/wp-content\/uploads\/2022\/10\/Regina-263x300.jpg 263w, https:\/\/www.eberswalderturnerschaft.de\/home\/wp-content\/uploads\/2022\/10\/Regina-768x878.jpg 768w\" sizes=\"auto, (max-width: 896px) 100vw, 896px\" \/><\/figure><figcaption class=\"coblocks-gallery--caption coblocks-gallery--primary-caption\">Regina<\/figcaption><\/div><\/div><div class=\"swiper-slide\"><div class=\"coblocks-gallery--item\" role=\"button\" tabindex=\"5\"><figure class=\"coblocks-gallery--figure has-margin-left-15 has-margin-left-mobile-5 has-margin-right-15 has-margin-right-mobile-5\"><img loading=\"lazy\" decoding=\"async\" width=\"896\" height=\"1024\" alt=\"\" class=\"wp-image-885\" data-id=\"885\" data-link=\"https:\/\/www.eberswalderturnerschaft.de\/home\/info\/die-eberswalder-trainer\/dorothea\/#main\" src=\"https:\/\/www.eberswalderturnerschaft.de\/home\/wp-content\/uploads\/2022\/10\/Dorothea.jpg\" srcset=\"https:\/\/www.eberswalderturnerschaft.de\/home\/wp-content\/uploads\/2022\/10\/Dorothea.jpg 896w, https:\/\/www.eberswalderturnerschaft.de\/home\/wp-content\/uploads\/2022\/10\/Dorothea-263x300.jpg 263w, https:\/\/www.eberswalderturnerschaft.de\/home\/wp-content\/uploads\/2022\/10\/Dorothea-768x878.jpg 768w\" sizes=\"auto, (max-width: 896px) 100vw, 896px\" \/><\/figure><figcaption class=\"coblocks-gallery--caption coblocks-gallery--primary-caption\">Dorothea<\/figcaption><\/div><\/div><div class=\"swiper-slide\"><div class=\"coblocks-gallery--item\" role=\"button\" tabindex=\"6\"><figure class=\"coblocks-gallery--figure has-margin-left-15 has-margin-left-mobile-5 has-margin-right-15 has-margin-right-mobile-5\"><img loading=\"lazy\" decoding=\"async\" width=\"896\" height=\"1024\" alt=\"\" class=\"wp-image-884\" data-id=\"884\" data-link=\"https:\/\/www.eberswalderturnerschaft.de\/home\/info\/die-eberswalder-trainer\/chiara\/#main\" src=\"https:\/\/www.eberswalderturnerschaft.de\/home\/wp-content\/uploads\/2022\/10\/Chiara.jpg\" srcset=\"https:\/\/www.eberswalderturnerschaft.de\/home\/wp-content\/uploads\/2022\/10\/Chiara.jpg 896w, https:\/\/www.eberswalderturnerschaft.de\/home\/wp-content\/uploads\/2022\/10\/Chiara-263x300.jpg 263w, https:\/\/www.eberswalderturnerschaft.de\/home\/wp-content\/uploads\/2022\/10\/Chiara-768x878.jpg 768w\" sizes=\"auto, (max-width: 896px) 100vw, 896px\" \/><\/figure><figcaption class=\"coblocks-gallery--caption coblocks-gallery--primary-caption\">Chiara<\/figcaption><\/div><\/div><div class=\"swiper-slide\"><div class=\"coblocks-gallery--item\" role=\"button\" tabindex=\"7\"><figure class=\"coblocks-gallery--figure has-margin-left-15 has-margin-left-mobile-5 has-margin-right-15 has-margin-right-mobile-5\"><img loading=\"lazy\" decoding=\"async\" width=\"877\" height=\"1024\" alt=\"\" class=\"wp-image-883\" data-id=\"883\" data-link=\"https:\/\/www.eberswalderturnerschaft.de\/home\/info\/die-eberswalder-trainer\/elina\/#main\" src=\"https:\/\/www.eberswalderturnerschaft.de\/home\/wp-content\/uploads\/2022\/10\/Elina.jpg\" srcset=\"https:\/\/www.eberswalderturnerschaft.de\/home\/wp-content\/uploads\/2022\/10\/Elina.jpg 877w, https:\/\/www.eberswalderturnerschaft.de\/home\/wp-content\/uploads\/2022\/10\/Elina-257x300.jpg 257w, https:\/\/www.eberswalderturnerschaft.de\/home\/wp-content\/uploads\/2022\/10\/Elina-768x897.jpg 768w\" sizes=\"auto, (max-width: 877px) 100vw, 877px\" \/><\/figure><figcaption class=\"coblocks-gallery--caption coblocks-gallery--primary-caption\">Elina<\/figcaption><\/div><\/div><div class=\"swiper-slide\"><div class=\"coblocks-gallery--item\" role=\"button\" tabindex=\"8\"><figure class=\"coblocks-gallery--figure has-margin-left-15 has-margin-left-mobile-5 has-margin-right-15 has-margin-right-mobile-5\"><img loading=\"lazy\" decoding=\"async\" width=\"849\" height=\"1024\" alt=\"\" class=\"wp-image-882\" data-id=\"882\" data-link=\"https:\/\/www.eberswalderturnerschaft.de\/home\/info\/die-eberswalder-trainer\/henry\/#main\" src=\"https:\/\/www.eberswalderturnerschaft.de\/home\/wp-content\/uploads\/2022\/10\/Henry.jpg\" srcset=\"https:\/\/www.eberswalderturnerschaft.de\/home\/wp-content\/uploads\/2022\/10\/Henry.jpg 849w, https:\/\/www.eberswalderturnerschaft.de\/home\/wp-content\/uploads\/2022\/10\/Henry-249x300.jpg 249w, https:\/\/www.eberswalderturnerschaft.de\/home\/wp-content\/uploads\/2022\/10\/Henry-768x926.jpg 768w\" sizes=\"auto, (max-width: 849px) 100vw, 849px\" \/><\/figure><figcaption class=\"coblocks-gallery--caption coblocks-gallery--primary-caption\">Henri<\/figcaption><\/div><\/div><div class=\"swiper-slide\"><div class=\"coblocks-gallery--item\" role=\"button\" tabindex=\"9\"><figure class=\"coblocks-gallery--figure has-margin-left-15 has-margin-left-mobile-5 has-margin-right-15 has-margin-right-mobile-5\"><img loading=\"lazy\" decoding=\"async\" width=\"875\" height=\"1024\" alt=\"\" class=\"wp-image-880\" data-id=\"880\" data-link=\"https:\/\/www.eberswalderturnerschaft.de\/home\/info\/die-eberswalder-trainer\/karo\/#main\" src=\"https:\/\/www.eberswalderturnerschaft.de\/home\/wp-content\/uploads\/2022\/10\/Karo.jpg\" srcset=\"https:\/\/www.eberswalderturnerschaft.de\/home\/wp-content\/uploads\/2022\/10\/Karo.jpg 875w, https:\/\/www.eberswalderturnerschaft.de\/home\/wp-content\/uploads\/2022\/10\/Karo-256x300.jpg 256w, https:\/\/www.eberswalderturnerschaft.de\/home\/wp-content\/uploads\/2022\/10\/Karo-768x899.jpg 768w\" sizes=\"auto, (max-width: 875px) 100vw, 875px\" \/><\/figure><figcaption class=\"coblocks-gallery--caption coblocks-gallery--primary-caption\">Carolina<\/figcaption><\/div><\/div><div class=\"swiper-slide\"><div class=\"coblocks-gallery--item\" role=\"button\" tabindex=\"10\"><figure class=\"coblocks-gallery--figure has-margin-left-15 has-margin-left-mobile-5 has-margin-right-15 has-margin-right-mobile-5\"><img loading=\"lazy\" decoding=\"async\" width=\"896\" height=\"1024\" alt=\"\" class=\"wp-image-879\" data-id=\"879\" data-link=\"https:\/\/www.eberswalderturnerschaft.de\/home\/info\/die-eberswalder-trainer\/lydia-2\/#main\" src=\"https:\/\/www.eberswalderturnerschaft.de\/home\/wp-content\/uploads\/2022\/10\/Lydia.jpg\" srcset=\"https:\/\/www.eberswalderturnerschaft.de\/home\/wp-content\/uploads\/2022\/10\/Lydia.jpg 896w, https:\/\/www.eberswalderturnerschaft.de\/home\/wp-content\/uploads\/2022\/10\/Lydia-263x300.jpg 263w, https:\/\/www.eberswalderturnerschaft.de\/home\/wp-content\/uploads\/2022\/10\/Lydia-768x878.jpg 768w\" sizes=\"auto, (max-width: 896px) 100vw, 896px\" \/><\/figure><figcaption class=\"coblocks-gallery--caption coblocks-gallery--primary-caption\">Lydia<\/figcaption><\/div><\/div><div class=\"swiper-slide\"><div class=\"coblocks-gallery--item\" role=\"button\" tabindex=\"11\"><figure class=\"coblocks-gallery--figure has-margin-left-15 has-margin-left-mobile-5 has-margin-right-15 has-margin-right-mobile-5\"><img loading=\"lazy\" decoding=\"async\" width=\"896\" height=\"1024\" alt=\"\" class=\"wp-image-878\" data-id=\"878\" data-link=\"https:\/\/www.eberswalderturnerschaft.de\/home\/info\/die-eberswalder-trainer\/mareen\/#main\" src=\"https:\/\/www.eberswalderturnerschaft.de\/home\/wp-content\/uploads\/2022\/10\/Mareen.jpg\" srcset=\"https:\/\/www.eberswalderturnerschaft.de\/home\/wp-content\/uploads\/2022\/10\/Mareen.jpg 896w, https:\/\/www.eberswalderturnerschaft.de\/home\/wp-content\/uploads\/2022\/10\/Mareen-263x300.jpg 263w, https:\/\/www.eberswalderturnerschaft.de\/home\/wp-content\/uploads\/2022\/10\/Mareen-768x878.jpg 768w\" sizes=\"auto, (max-width: 896px) 100vw, 896px\" \/><\/figure><figcaption class=\"coblocks-gallery--caption coblocks-gallery--primary-caption\">Mareen<\/figcaption><\/div><\/div><div class=\"swiper-slide\"><div class=\"coblocks-gallery--item\" role=\"button\" tabindex=\"12\"><figure class=\"coblocks-gallery--figure has-margin-left-15 has-margin-left-mobile-5 has-margin-right-15 has-margin-right-mobile-5\"><img loading=\"lazy\" decoding=\"async\" width=\"889\" height=\"1024\" alt=\"\" class=\"wp-image-877\" data-id=\"877\" data-link=\"https:\/\/www.eberswalderturnerschaft.de\/home\/info\/die-eberswalder-trainer\/marissa\/#main\" src=\"https:\/\/www.eberswalderturnerschaft.de\/home\/wp-content\/uploads\/2022\/10\/Marissa.jpg\" srcset=\"https:\/\/www.eberswalderturnerschaft.de\/home\/wp-content\/uploads\/2022\/10\/Marissa.jpg 889w, https:\/\/www.eberswalderturnerschaft.de\/home\/wp-content\/uploads\/2022\/10\/Marissa-260x300.jpg 260w, https:\/\/www.eberswalderturnerschaft.de\/home\/wp-content\/uploads\/2022\/10\/Marissa-768x885.jpg 768w\" sizes=\"auto, (max-width: 889px) 100vw, 889px\" \/><\/figure><figcaption class=\"coblocks-gallery--caption coblocks-gallery--primary-caption\">Marissa<\/figcaption><\/div><\/div><div class=\"swiper-slide\"><div class=\"coblocks-gallery--item\" role=\"button\" tabindex=\"13\"><figure class=\"coblocks-gallery--figure has-margin-left-15 has-margin-left-mobile-5 has-margin-right-15 has-margin-right-mobile-5\"><img loading=\"lazy\" decoding=\"async\" width=\"896\" height=\"1024\" alt=\"\" class=\"wp-image-876\" data-id=\"876\" data-link=\"https:\/\/www.eberswalderturnerschaft.de\/home\/info\/die-eberswalder-trainer\/nadine-2\/#main\" src=\"https:\/\/www.eberswalderturnerschaft.de\/home\/wp-content\/uploads\/2022\/10\/Nadine.jpg\" srcset=\"https:\/\/www.eberswalderturnerschaft.de\/home\/wp-content\/uploads\/2022\/10\/Nadine.jpg 896w, https:\/\/www.eberswalderturnerschaft.de\/home\/wp-content\/uploads\/2022\/10\/Nadine-263x300.jpg 263w, https:\/\/www.eberswalderturnerschaft.de\/home\/wp-content\/uploads\/2022\/10\/Nadine-768x878.jpg 768w\" sizes=\"auto, (max-width: 896px) 100vw, 896px\" \/><\/figure><figcaption class=\"coblocks-gallery--caption coblocks-gallery--primary-caption\">Nadine<\/figcaption><\/div><\/div><div class=\"swiper-slide\"><div class=\"coblocks-gallery--item\" role=\"button\" tabindex=\"14\"><figure class=\"coblocks-gallery--figure has-margin-left-15 has-margin-left-mobile-5 has-margin-right-15 has-margin-right-mobile-5\"><img loading=\"lazy\" decoding=\"async\" width=\"903\" height=\"1024\" alt=\"\" class=\"wp-image-875\" data-id=\"875\" data-link=\"https:\/\/www.eberswalderturnerschaft.de\/home\/info\/die-eberswalder-trainer\/nicole-2\/#main\" src=\"https:\/\/www.eberswalderturnerschaft.de\/home\/wp-content\/uploads\/2022\/10\/Nicole.jpg\" srcset=\"https:\/\/www.eberswalderturnerschaft.de\/home\/wp-content\/uploads\/2022\/10\/Nicole.jpg 903w, https:\/\/www.eberswalderturnerschaft.de\/home\/wp-content\/uploads\/2022\/10\/Nicole-265x300.jpg 265w, https:\/\/www.eberswalderturnerschaft.de\/home\/wp-content\/uploads\/2022\/10\/Nicole-768x871.jpg 768w\" sizes=\"auto, (max-width: 903px) 100vw, 903px\" \/><\/figure><figcaption class=\"coblocks-gallery--caption coblocks-gallery--primary-caption\">Nicole<\/figcaption><\/div><\/div><\/div><\/div><\/div><\/div>\n\n\n\n<hr class=\"wp-block-separator has-css-opacity\"\/>\n\n\n\n<div style=\"height:10px\" aria-hidden=\"true\" class=\"wp-block-spacer\"><\/div>\n","protected":false},"excerpt":{"rendered":"<p>In seinem Leitbild formuliert der Deutsche Turner-Bund \u201eTurnen, Gymnastik und Sport im Verein haben in der heutigen Zeit eine gro\u00dfe gesellschaftliche und soziale Bedeutung. Mit ihren Angeboten leisten sie einen herausragenden Beitrag zur Gesundheitspr\u00e4vention. Sie schaffen dar\u00fcber hinaus Gemeinschaft, f\u00f6rdern Pers\u00f6nlichkeitsentwicklung, Partnerschaft und Gleichstellung sowie demokratische Kultur.\u201c Bewegung ist die Grundlage jeder Reifung im K\u00f6rper. &#8230; <a title=\"Die Eberswalder Trainer\" class=\"read-more\" href=\"https:\/\/www.eberswalderturnerschaft.de\/home\/info\/die-eberswalder-trainer\/\" aria-label=\"Mehr bei Die Eberswalder Trainer\">Read more<\/a><\/p>\n","protected":false},"author":1,"featured_media":0,"parent":13,"menu_order":2,"comment_status":"closed","ping_status":"closed","template":"","meta":{"_coblocks_attr":"","_coblocks_dimensions":"{\"coblocks-hero-1719281532\":{\"padding\":{}}}","_coblocks_responsive_height":"","_coblocks_accordion_ie_support":"","footnotes":""},"class_list":{"0":"post-412","1":"page","2":"type-page","3":"status-publish","5":"no-featured-image-padding"},"_links":{"self":[{"href":"https:\/\/www.eberswalderturnerschaft.de\/home\/wp-json\/wp\/v2\/pages\/412","targetHints":{"allow":["GET"]}}],"collection":[{"href":"https:\/\/www.eberswalderturnerschaft.de\/home\/wp-json\/wp\/v2\/pages"}],"about":[{"href":"https:\/\/www.eberswalderturnerschaft.de\/home\/wp-json\/wp\/v2\/types\/page"}],"author":[{"embeddable":true,"href":"https:\/\/www.eberswalderturnerschaft.de\/home\/wp-json\/wp\/v2\/users\/1"}],"replies":[{"embeddable":true,"href":"https:\/\/www.eberswalderturnerschaft.de\/home\/wp-json\/wp\/v2\/comments?post=412"}],"version-history":[{"count":28,"href":"https:\/\/www.eberswalderturnerschaft.de\/home\/wp-json\/wp\/v2\/pages\/412\/revisions"}],"predecessor-version":[{"id":958,"href":"https:\/\/www.eberswalderturnerschaft.de\/home\/wp-json\/wp\/v2\/pages\/412\/revisions\/958"}],"up":[{"embeddable":true,"href":"https:\/\/www.eberswalderturnerschaft.de\/home\/wp-json\/wp\/v2\/pages\/13"}],"wp:attachment":[{"href":"https:\/\/www.eberswalderturnerschaft.de\/home\/wp-json\/wp\/v2\/media?parent=412"}],"curies":[{"name":"wp","href":"https:\/\/api.w.org\/{rel}","templated":true}]}}